{"id":5172,"date":"2024-09-17T13:02:23","date_gmt":"2024-09-17T11:02:23","guid":{"rendered":"https:\/\/nagyfatalkonyhaja.hu\/?page_id=5172"},"modified":"2025-03-26T16:44:18","modified_gmt":"2025-03-26T15:44:18","slug":"gastroblog-2","status":"publish","type":"page","link":"https:\/\/nagyfatalkonyhaja.hu\/en\/blog\/","title":{"rendered":"GastroBlog"},"content":{"rendered":"<p>[et_pb_section fb_built=&#8221;1&#8243; admin_label=&#8221;Hero&#8221; module_class=&#8221;about-hero&#8221; _builder_version=&#8221;4.27.2&#8243; _module_preset=&#8221;default&#8221; background_enable_color=&#8221;off&#8221; background_image=&#8221;https:\/\/nagyfatalkonyhaja.hu\/wp-content\/uploads\/2024\/09\/nagy-fa-tal-konyhaja-galeria.webp&#8221; background_position=&#8221;top_center&#8221; max_width=&#8221;1920px&#8221; module_alignment=&#8221;center&#8221; min_height=&#8221;500px&#8221; min_height_tablet=&#8221;500px&#8221; min_height_phone=&#8221;425px&#8221; min_height_last_edited=&#8221;on|phone&#8221; custom_margin=&#8221;||0px||false|false&#8221; custom_margin_tablet=&#8221;||0px||false|false&#8221; custom_margin_phone=&#8221;||0px||false|false&#8221; custom_margin_last_edited=&#8221;on|phone&#8221; locked=&#8221;off&#8221; global_colors_info=&#8221;{}&#8221;][et_pb_row column_structure=&#8221;1_4,3_4&#8243; custom_padding_last_edited=&#8221;on|desktop&#8221; admin_label=&#8221;Content-container&#8221; module_id=&#8221;smg-hero-title&#8221; _builder_version=&#8221;4.27.0&#8243; _module_preset=&#8221;default&#8221; background_color=&#8221;#FFFFFF&#8221; positioning=&#8221;absolute&#8221; position_origin_a=&#8221;bottom_center&#8221; z_index=&#8221;5&#8243; width=&#8221;100%&#8221; custom_padding=&#8221;||||false|true&#8221; custom_padding_tablet=&#8221;||||true|true&#8221; custom_padding_phone=&#8221;40px||30px||false|true&#8221; border_radii=&#8221;on|20px|20px|20px|20px&#8221; locked=&#8221;off&#8221; global_colors_info=&#8221;{}&#8221;][et_pb_column type=&#8221;1_4&#8243; _builder_version=&#8221;4.25.1&#8243; _module_preset=&#8221;default&#8221; global_colors_info=&#8221;{}&#8221;][et_pb_image src=&#8221;https:\/\/nagyfatalkonyhaja.hu\/wp-content\/uploads\/2024\/05\/logo-min.png&#8221; alt=&#8221;Nagy Fa-T\u00e1l Konyh\u00e1ja, magyaros \u00e9tterem&#8221; title_text=&#8221;Nagy Fa-T\u00e1l Konyh\u00e1ja, magyaros \u00e9tterem&#8221; align=&#8221;center&#8221; disabled_on=&#8221;off|off|off&#8221; admin_label=&#8221;Image&#8221; _builder_version=&#8221;4.27.4&#8243; _module_preset=&#8221;default&#8221; width=&#8221;100%&#8221; max_width=&#8221;100%&#8221; max_width_tablet=&#8221;40%&#8221; max_width_phone=&#8221;70%&#8221; max_width_last_edited=&#8221;on|tablet&#8221; custom_margin=&#8221;||0px||false|false&#8221; global_colors_info=&#8221;{}&#8221;][\/et_pb_image][\/et_pb_column][et_pb_column type=&#8221;3_4&#8243; _builder_version=&#8221;4.25.1&#8243; _module_preset=&#8221;default&#8221; global_colors_info=&#8221;{}&#8221;][et_pb_text _builder_version=&#8221;4.27.4&#8243; _module_preset=&#8221;default&#8221; header_text_align=&#8221;left&#8221; hover_enabled=&#8221;0&#8243; header_text_align_tablet=&#8221;center&#8221; header_text_align_phone=&#8221;center&#8221; header_text_align_last_edited=&#8221;on|phone&#8221; header_font_size_tablet=&#8221;&#8221; header_font_size_phone=&#8221;20px&#8221; header_font_size_last_edited=&#8221;on|tablet&#8221; global_colors_info=&#8221;{}&#8221; sticky_enabled=&#8221;0&#8243;]<\/p>\n<h2>\u00c9rdekess\u00e9gek a magyar gasztron\u00f3mia vil\u00e1g\u00e1b\u00f3l \u2013 tartson vel\u00fcnk!<\/h2>\n<p>[\/et_pb_text][\/et_pb_column][\/et_pb_row][et_pb_row _builder_version=&#8221;4.25.1&#8243; _module_preset=&#8221;default&#8221; positioning=&#8221;absolute&#8221; position_origin_a=&#8221;center_center&#8221; width=&#8221;100%&#8221; max_width=&#8221;1920px&#8221; global_colors_info=&#8221;{}&#8221;][et_pb_column type=&#8221;4_4&#8243; _builder_version=&#8221;4.25.1&#8243; _module_preset=&#8221;default&#8221; global_colors_info=&#8221;{}&#8221;][et_pb_text _builder_version=&#8221;4.27.0&#8243; _module_preset=&#8221;default&#8221; header_font=&#8221;|700|||||||&#8221; header_text_align=&#8221;center&#8221; header_text_color=&#8221;rgba(255,255,255,0.9)&#8221; header_font_size=&#8221;102px&#8221; custom_padding=&#8221;|20px||20px|false|true&#8221; header_font_size_tablet=&#8221;102px&#8221; header_font_size_phone=&#8221;52px&#8221; header_font_size_last_edited=&#8221;on|phone&#8221; global_colors_info=&#8221;{}&#8221;]<\/p>\n<h1>GastroBlog<\/h1>\n<p>[\/et_pb_text][\/et_pb_column][\/et_pb_row][\/et_pb_section][et_pb_section fb_built=&#8221;1&#8243; custom_padding_last_edited=&#8221;on|tablet&#8221; admin_label=&#8221;Introduction&#8221; _builder_version=&#8221;4.27.0&#8243; _module_preset=&#8221;default&#8221; background_color=&#8221;#FF0000&#8243; background_image=&#8221;https:\/\/nagyfatalkonyhaja.hu\/wp-content\/uploads\/2024\/06\/motivum-07-min.png&#8221; background_size=&#8221;initial&#8221; background_position=&#8221;bottom_center&#8221; z_index=&#8221;1&#8243; max_width=&#8221;1920px&#8221; module_alignment=&#8221;center&#8221; custom_margin=&#8221;||||false|false&#8221; custom_margin_tablet=&#8221;40px||||false|false&#8221; custom_margin_phone=&#8221;0px||||false|false&#8221; custom_margin_last_edited=&#8221;on|tablet&#8221; custom_padding=&#8221;180px|30px|100px|30px|false|true&#8221; custom_padding_tablet=&#8221;150px||25px||false|true&#8221; custom_padding_phone=&#8221;175px||25px||false|true&#8221; background_last_edited=&#8221;on|tablet&#8221; background_size_tablet=&#8221;custom&#8221; background_image_width_tablet=&#8221;100%&#8221; background_image_width_phone=&#8221;110%&#8221; background_image_height_phone=&#8221;53%&#8221; background_position_tablet=&#8221;top_center&#8221; background_position_phone=&#8221;top_center&#8221; background_vertical_offset_tablet=&#8221;100%&#8221; background_vertical_offset_phone=&#8221;100%&#8221; background_repeat_tablet=&#8221;repeat-x&#8221; locked=&#8221;off&#8221; global_colors_info=&#8221;{}&#8221;][et_pb_row use_custom_gutter=&#8221;on&#8221; gutter_width=&#8221;2&#8243; custom_padding_last_edited=&#8221;on|tablet&#8221; _builder_version=&#8221;4.27.2&#8243; _module_preset=&#8221;default&#8221; width=&#8221;100%&#8221; custom_margin=&#8221;||50px||false|false&#8221; custom_margin_tablet=&#8221;||50px||false|false&#8221; custom_margin_phone=&#8221;50px||25px||false|false&#8221; custom_margin_last_edited=&#8221;on|phone&#8221; custom_padding_tablet=&#8221;0px||0px||true|false&#8221; custom_padding_phone=&#8221;0px||0px||true|false&#8221; locked=&#8221;off&#8221; global_colors_info=&#8221;{}&#8221;][et_pb_column type=&#8221;4_4&#8243; _builder_version=&#8221;4.25.1&#8243; _module_preset=&#8221;default&#8221; global_colors_info=&#8221;{}&#8221;][et_pb_text _builder_version=&#8221;4.27.4&#8243; _module_preset=&#8221;default&#8221; text_text_color=&#8221;#FFFFFF&#8221; text_font_size=&#8221;18px&#8221; header_3_text_color=&#8221;#FFFFFF&#8221; custom_margin=&#8221;||60px||false|false&#8221; global_colors_info=&#8221;{}&#8221;]<\/p>\n<h3>Ismerje meg a magyar konyha rejtett kincseit<\/h3>\n<p>Fedezze fel a magyar gasztron\u00f3mia soksz\u00edn\u0171s\u00e9g\u00e9t \u00e9s gazdag hagyom\u00e1nyait! Oldalunkon \u00f6sszegy\u0171jt\u00f6tt \u00e9rdekess\u00e9gek bemutatj\u00e1k a hungarikumok titkait, a hagyom\u00e1nyos magyaros \u00e9teleket, mint a pl. az igazi klasszikus guly\u00e1s valamint a vid\u00e9ki \u00edzek var\u00e1zslatos vil\u00e1g\u00e1t. Ismerje meg a r\u00e9gi receptek \u00e9rdekess\u00e9geit, \u00e9s nyerjen betekint\u00e9st a kulin\u00e1ris hagyom\u00e1nyaink m\u00faltj\u00e1ba.<\/p>\n<h3>K\u00fcl\u00f6nleges alapanyagok \u00e9s \u00edzkombin\u00e1ci\u00f3k a magyar konyh\u00e1ban<\/h3>\n<p>A magyar gasztron\u00f3mia tele van meglepet\u00e9sekkel! Tudta p\u00e9ld\u00e1ul, hogy a paprika nem \u0151shonos magyar f\u0171szer, m\u00e9gis meghat\u00e1roz\u00f3 szerepet t\u00f6lt be a konyh\u00e1nkban? Vagy hogy a \u201et\u00f6lt\u00f6tt k\u00e1poszta\u201d elnevez\u00e9s val\u00f3j\u00e1ban sokkal t\u00f6bb vari\u00e1ci\u00f3t takar, mint gondoln\u00e1nk? Cikkeinkben bemutatjuk a legk\u00fcl\u00f6nlegesebb alapanyagokat, \u00edzkombin\u00e1ci\u00f3kat \u00e9s f\u0151z\u00e9si technik\u00e1kat, amelyek a magyar konyh\u00e1t egyediv\u00e9 teszik.<\/p>\n<h3>Gasztron\u00f3miai utaz\u00e1s a K\u00e1rp\u00e1t-medenc\u00e9ben<\/h3>\n<p>A magyar gasztron\u00f3mia nem csup\u00e1n az orsz\u00e1g hat\u00e1rain bel\u00fcl, hanem a K\u00e1rp\u00e1t-medence eg\u00e9sz ter\u00fclet\u00e9n gazdag \u00e9s v\u00e1ltozatos. Ismerje meg a hat\u00e1ron t\u00fali magyar k\u00f6z\u00f6ss\u00e9gek konyh\u00e1j\u00e1nak jellegzetess\u00e9geit, \u00e9s fedezze fel a region\u00e1lis k\u00fcl\u00f6nbs\u00e9geket!<\/p>\n<p>[\/et_pb_text][et_pb_blog fullwidth=&#8221;off&#8221; posts_number=&#8221;9&#8243; include_categories=&#8221;41&#8243; meta_date=&#8221;Y.m.d.&#8221; show_more=&#8221;on&#8221; show_author=&#8221;off&#8221; show_date=&#8221;off&#8221; show_categories=&#8221;off&#8221; _builder_version=&#8221;4.27.4&#8243; _module_preset=&#8221;default&#8221; header_font_size=&#8221;24px&#8221; header_line_height=&#8221;1.25em&#8221; body_font_size=&#8221;18px&#8221; meta_font_size=&#8221;16px&#8221; pagination_text_color=&#8221;#FFFFFF&#8221; header_font_size_tablet=&#8221;24px&#8221; header_font_size_phone=&#8221;18px&#8221; header_font_size_last_edited=&#8221;on|phone&#8221; header_line_height_tablet=&#8221;1.25em&#8221; header_line_height_phone=&#8221;1.25em&#8221; header_line_height_last_edited=&#8221;on|desktop&#8221; body_font_size_tablet=&#8221;18px&#8221; body_font_size_phone=&#8221;16px&#8221; body_font_size_last_edited=&#8221;on|phone&#8221; meta_font_size_tablet=&#8221;16px&#8221; meta_font_size_phone=&#8221;14px&#8221; meta_font_size_last_edited=&#8221;on|phone&#8221; border_radii=&#8221;on|25px|25px|25px|25px&#8221; global_colors_info=&#8221;{}&#8221;][\/et_pb_blog][\/et_pb_column][\/et_pb_row][et_pb_row _builder_version=&#8221;4.25.2&#8243; _module_preset=&#8221;default&#8221; positioning=&#8221;absolute&#8221; position_origin_a=&#8221;bottom_center&#8221; width=&#8221;100%&#8221; max_width=&#8221;1920px&#8221; custom_margin=&#8221;||-1px||false|false&#8221; custom_padding=&#8221;0px||0px||true|false&#8221; global_colors_info=&#8221;{}&#8221;][et_pb_column type=&#8221;4_4&#8243; _builder_version=&#8221;4.25.2&#8243; _module_preset=&#8221;default&#8221; global_colors_info=&#8221;{}&#8221;][et_pb_image src=&#8221;https:\/\/nagyfatalkonyhaja.hu\/wp-content\/uploads\/2024\/05\/divider-bottom-min.png&#8221; alt=&#8221;magyaros \u00e9tterem&#8221; title_text=&#8221;magyaros \u00e9tterem&#8221; _builder_version=&#8221;4.27.4&#8243; _module_preset=&#8221;default&#8221; global_colors_info=&#8221;{}&#8221;][\/et_pb_image][\/et_pb_column][\/et_pb_row][\/et_pb_section]<\/p>\n","protected":false},"excerpt":{"rendered":"<p>\u00c9rdekess\u00e9gek a magyar gasztron\u00f3mia vil\u00e1g\u00e1b\u00f3l \u2013 tartson vel\u00fcnk!GastroBlogIsmerje meg a magyar konyha rejtett kincseit Fedezze fel a magyar gasztron\u00f3mia soksz\u00edn\u0171s\u00e9g\u00e9t \u00e9s gazdag hagyom\u00e1nyait! Oldalunkon \u00f6sszegy\u0171jt\u00f6tt \u00e9rdekess\u00e9gek bemutatj\u00e1k a hungarikumok titkait, a hagyom\u00e1nyos magyaros \u00e9teleket, mint a pl. az igazi klasszikus guly\u00e1s valamint a vid\u00e9ki \u00edzek var\u00e1zslatos vil\u00e1g\u00e1t. Ismerje meg a r\u00e9gi receptek \u00e9rdekess\u00e9geit, \u00e9s nyerjen betekint\u00e9st a kulin\u00e1ris hagyom\u00e1nyaink m\u00faltj\u00e1ba. K\u00fcl\u00f6nleges alapanyagok \u00e9s \u00edzkombin\u00e1ci\u00f3k a magyar konyh\u00e1ban A magyar gasztron\u00f3mia tele van meglepet\u00e9sekkel! Tudta p\u00e9ld\u00e1ul, hogy a paprika nem \u0151shonos magyar f\u0171szer, m\u00e9gis meghat\u00e1roz\u00f3 szerepet t\u00f6lt be a konyh\u00e1nkban? Vagy hogy a \u201et\u00f6lt\u00f6tt k\u00e1poszta\u201d elnevez\u00e9s val\u00f3j\u00e1ban sokkal t\u00f6bb vari\u00e1ci\u00f3t takar, mint gondoln\u00e1nk? Cikkeinkben bemutatjuk a legk\u00fcl\u00f6nlegesebb alapanyagokat, \u00edzkombin\u00e1ci\u00f3kat \u00e9s f\u0151z\u00e9si technik\u00e1kat, amelyek a magyar konyh\u00e1t egyediv\u00e9 teszik. Gasztron\u00f3miai utaz\u00e1s a K\u00e1rp\u00e1t-medenc\u00e9ben A magyar gasztron\u00f3mia nem csup\u00e1n az orsz\u00e1g hat\u00e1rain bel\u00fcl, hanem a K\u00e1rp\u00e1t-medence eg\u00e9sz ter\u00fclet\u00e9n gazdag \u00e9s v\u00e1ltozatos. Ismerje meg a hat\u00e1ron t\u00fali magyar k\u00f6z\u00f6ss\u00e9gek konyh\u00e1j\u00e1nak jellegzetess\u00e9geit, \u00e9s fedezze fel a region\u00e1lis k\u00fcl\u00f6nbs\u00e9geket!<\/p>","protected":false},"author":3,"featured_media":0,"parent":0,"menu_order":0,"comment_status":"closed","ping_status":"closed","template":"","meta":{"_acf_changed":false,"_et_pb_use_builder":"on","_et_pb_old_content":"","_et_gb_content_width":"","footnotes":""},"class_list":["post-5172","page","type-page","status-publish","hentry"],"acf":[],"_links":{"self":[{"href":"https:\/\/nagyfatalkonyhaja.hu\/en\/wp-json\/wp\/v2\/pages\/5172","targetHints":{"allow":["GET"]}}],"collection":[{"href":"https:\/\/nagyfatalkonyhaja.hu\/en\/wp-json\/wp\/v2\/pages"}],"about":[{"href":"https:\/\/nagyfatalkonyhaja.hu\/en\/wp-json\/wp\/v2\/types\/page"}],"author":[{"embeddable":true,"href":"https:\/\/nagyfatalkonyhaja.hu\/en\/wp-json\/wp\/v2\/users\/3"}],"replies":[{"embeddable":true,"href":"https:\/\/nagyfatalkonyhaja.hu\/en\/wp-json\/wp\/v2\/comments?post=5172"}],"version-history":[{"count":15,"href":"https:\/\/nagyfatalkonyhaja.hu\/en\/wp-json\/wp\/v2\/pages\/5172\/revisions"}],"predecessor-version":[{"id":9127,"href":"https:\/\/nagyfatalkonyhaja.hu\/en\/wp-json\/wp\/v2\/pages\/5172\/revisions\/9127"}],"wp:attachment":[{"href":"https:\/\/nagyfatalkonyhaja.hu\/en\/wp-json\/wp\/v2\/media?parent=5172"}],"curies":[{"name":"wp","href":"https:\/\/api.w.org\/{rel}","templated":true}]}}